{"id":24638,"date":"2022-04-20T13:06:08","date_gmt":"2022-04-20T11:06:08","guid":{"rendered":"https:\/\/stg.newsocialinitiative.org\/statements\/"},"modified":"2022-06-27T15:37:00","modified_gmt":"2022-06-27T13:37:00","slug":"izjave","status":"publish","type":"page","link":"https:\/\/stg.newsocialinitiative.org\/sr\/izjave\/","title":{"rendered":"Saop\u0161tenja"},"content":{"rendered":"\t\t<div data-elementor-type=\"wp-page\" data-elementor-id=\"24638\" class=\"elementor elementor-24638 elementor-21618\">\n\t\t\t\t\t\t<section class=\"elementor-section elementor-top-section elementor-element elementor-element-1d6a7107 elementor-section-full_width elementor-section-height-default elementor-section-height-default exad-glass-effect-no exad-sticky-section-no edgtf-elementor-container-no edgtf-section edgtf-parallax-section-holder-touch-disabled edgtf-parallax-section-no\" data-id=\"1d6a7107\" data-element_type=\"section\" data-e-type=\"section\">\n\t\t\t\t\t\t<div class=\"elementor-container elementor-column-gap-default\">\n\t\t\t\t\t<div class=\"elementor-column elementor-col-100 elementor-top-column elementor-element elementor-element-621e21b9 exad-glass-effect-no exad-sticky-section-no\" data-id=\"621e21b9\" data-element_type=\"column\" data-e-type=\"column\">\n\t\t\t<div class=\"elementor-widget-wrap elementor-element-populated\">\n\t\t\t\t\t\t<div class=\"elementor-element elementor-element-319b0fc0 premium-blog-align-left exad-sticky-section-no exad-glass-effect-no elementor-widget elementor-widget-premium-addon-blog\" data-id=\"319b0fc0\" data-element_type=\"widget\" data-e-type=\"widget\" data-settings=\"{&quot;premium_blog_columns_number&quot;:&quot;25%&quot;,&quot;premium_blog_grid&quot;:&quot;yes&quot;,&quot;premium_blog_layout&quot;:&quot;even&quot;,&quot;premium_blog_columns_number_tablet&quot;:&quot;50%&quot;,&quot;premium_blog_columns_number_mobile&quot;:&quot;100%&quot;,&quot;scroll_to_offset&quot;:&quot;yes&quot;}\" data-widget_type=\"premium-addon-blog.default\">\n\t\t\t\t<div class=\"elementor-widget-container\">\n\t\t\t\t\t\n\t\t\n\n\t\t\t\t<div class=\"premium-blog-wrap  premium-blog-even\" data-page=\"24638\" data-pagination=\"true\">\n\t\t\t\t\t\t\t\t\t<div class=\"premium-blog-post-outer-container\" data-total=\"8\">\n\t\t\t<div class=\"premium-blog-post-container premium-blog-skin-classic\">\n\t\t\t\t\t\t\t\t\t<div class=\"premium-blog-thumb-effect-wrapper\">\n\t\t\t\t\t\t<div class=\"premium-blog-thumbnail-container premium-blog-zoomin-effect\">\n\t\t\t\t\t\t\t<img fetchpriority=\"high\" decoding=\"async\" width=\"1080\" height=\"1350\" src=\"https:\/\/stg.newsocialinitiative.org\/wp-content\/uploads\/2026\/08\/eulex-srb.png\" class=\"attachment-full size-full wp-image-37268\" alt=\"\" srcset=\"https:\/\/stg.newsocialinitiative.org\/wp-content\/uploads\/2026\/08\/eulex-srb.png 1080w, https:\/\/stg.newsocialinitiative.org\/wp-content\/uploads\/2026\/08\/eulex-srb-240x300.png 240w, https:\/\/stg.newsocialinitiative.org\/wp-content\/uploads\/2026\/08\/eulex-srb-819x1024.png 819w, https:\/\/stg.newsocialinitiative.org\/wp-content\/uploads\/2026\/08\/eulex-srb-768x960.png 768w\" sizes=\"(max-width: 1080px) 100vw, 1080px\" \/>\t\t\t\t\t\t<\/div>\n\t\t\t\t\t\t\t\t\t\t\t\t\t<div class=\"premium-blog-thumbnail-overlay\">\n\t\t\t\t\t\t\t\t<a class=\"elementor-icon\" href=\"https:\/\/stg.newsocialinitiative.org\/sr\/statement\/organizacije-civilnog-drustva-traze-od-brisela-procenu-efikasnosti-monitoringa-eulex-a-nad-radom-kosovske-policije\/\" target=\"_self\">\n\t\t\t\t\t\t\t\t\t<span class=\"elementor-screen-only\">Organizacije civilnog dru\u0161tva tra\u017ee od Brisela procenu efikasnosti monitoringa EULEX-a nad radom Kosovske policije<\/span>\n\t\t\t\t\t\t\t\t<\/a>\n\t\t\t\t\t\t\t<\/div>\n\n\t\t\t\t\t\t\t\t\t\t\t\t\t\t\t\t\t\t<\/div>\n\t\t\t\t\t\t\t\t\t\t\t\t<div class=\"premium-blog-content-wrapper \">\n\n\t\t\t\t\t<div class=\"premium-blog-inner-container\">\n\n\t\t\t\t\t\t\t\t\t\t\t\t\t\t<h4 class=\"premium-blog-entry-title\">\n\t\t\t<a href=\"https:\/\/stg.newsocialinitiative.org\/sr\/statement\/organizacije-civilnog-drustva-traze-od-brisela-procenu-efikasnosti-monitoringa-eulex-a-nad-radom-kosovske-policije\/\" target=\"_self\">\n\t\t\t\tOrganizacije civilnog dru\u0161tva tra\u017ee od Brisela procenu efikasnosti monitoringa EULEX-a nad radom Kosovske policije\t\t\t<\/a>\n\t\t<\/h4>\n\t\t\t\t<div class=\"premium-blog-entry-meta\">\n\t\t\t\n\t\t\t\t\t\t\t<span class=\"premium-blog-meta-separator\">\u2022<\/span>\n\t\t\t\t<div class=\"premium-blog-post-time premium-blog-meta-data\">\n\t\t\t\t\t<i class=\"fa fa-calendar-alt\" aria-hidden=\"true\"><\/i>\n\t\t\t\t\t<span>12\/08\/2026<\/span>\n\t\t\t\t<\/div>\n\t\t\t\n\t\t\t\n\t\t\t\t\t<\/div>\n\t\t\n\t\t\t\t\t<\/div>\n\n\t\t\t\t\t\t\t<div class=\"premium-blog-content-inner-wrapper\">\n\t\t<p class=\"premium-blog-post-content\">Organizacije civilnog dru\u0161tva tra\u017ee od Brisela procenu efikasnosti monitoringa EULEX-a nad radom Kosovske policije Potpisnice \u2026<\/p>\t\t<\/div>\n\t\t\t\t\t\t\t\n\t\t\t\t<\/div>\n\t\t\t<\/div>\n\t\t<\/div>\n\n\t\t\t\t<div class=\"premium-blog-post-outer-container\" data-total=\"8\">\n\t\t\t<div class=\"premium-blog-post-container premium-blog-skin-classic\">\n\t\t\t\t\t\t\t\t\t<div class=\"premium-blog-thumb-effect-wrapper\">\n\t\t\t\t\t\t<div class=\"premium-blog-thumbnail-container premium-blog-zoomin-effect\">\n\t\t\t\t\t\t\t<img decoding=\"async\" width=\"1080\" height=\"1350\" src=\"https:\/\/stg.newsocialinitiative.org\/wp-content\/uploads\/2026\/07\/srb-5.png\" class=\"attachment-full size-full wp-image-37128\" alt=\"\" srcset=\"https:\/\/stg.newsocialinitiative.org\/wp-content\/uploads\/2026\/07\/srb-5.png 1080w, https:\/\/stg.newsocialinitiative.org\/wp-content\/uploads\/2026\/07\/srb-5-240x300.png 240w, https:\/\/stg.newsocialinitiative.org\/wp-content\/uploads\/2026\/07\/srb-5-819x1024.png 819w, https:\/\/stg.newsocialinitiative.org\/wp-content\/uploads\/2026\/07\/srb-5-768x960.png 768w\" sizes=\"(max-width: 1080px) 100vw, 1080px\" \/>\t\t\t\t\t\t<\/div>\n\t\t\t\t\t\t\t\t\t\t\t\t\t<div class=\"premium-blog-thumbnail-overlay\">\n\t\t\t\t\t\t\t\t<a class=\"elementor-icon\" href=\"https:\/\/stg.newsocialinitiative.org\/sr\/statement\/pet-organizacija-civilnog-drustva-uputilo-pismo-svetskoj-banci-povodom-postupanja-ibar-lepenca-oko-jezera-gazivode\/\" target=\"_self\">\n\t\t\t\t\t\t\t\t\t<span class=\"elementor-screen-only\">Pet organizacija civilnog dru\u0161tva uputilo pismo Svetskoj banci povodom postupanja Ibar-Lepenca oko jezera Gazivode<\/span>\n\t\t\t\t\t\t\t\t<\/a>\n\t\t\t\t\t\t\t<\/div>\n\n\t\t\t\t\t\t\t\t\t\t\t\t\t\t\t\t\t\t<\/div>\n\t\t\t\t\t\t\t\t\t\t\t\t<div class=\"premium-blog-content-wrapper \">\n\n\t\t\t\t\t<div class=\"premium-blog-inner-container\">\n\n\t\t\t\t\t\t\t\t\t\t\t\t\t\t<h4 class=\"premium-blog-entry-title\">\n\t\t\t<a href=\"https:\/\/stg.newsocialinitiative.org\/sr\/statement\/pet-organizacija-civilnog-drustva-uputilo-pismo-svetskoj-banci-povodom-postupanja-ibar-lepenca-oko-jezera-gazivode\/\" target=\"_self\">\n\t\t\t\tPet organizacija civilnog dru\u0161tva uputilo pismo Svetskoj banci povodom postupanja Ibar-Lepenca oko jezera Gazivode\t\t\t<\/a>\n\t\t<\/h4>\n\t\t\t\t<div class=\"premium-blog-entry-meta\">\n\t\t\t\n\t\t\t\t\t\t\t<span class=\"premium-blog-meta-separator\">\u2022<\/span>\n\t\t\t\t<div class=\"premium-blog-post-time premium-blog-meta-data\">\n\t\t\t\t\t<i class=\"fa fa-calendar-alt\" aria-hidden=\"true\"><\/i>\n\t\t\t\t\t<span>28\/07\/2026<\/span>\n\t\t\t\t<\/div>\n\t\t\t\n\t\t\t\n\t\t\t\t\t<\/div>\n\t\t\n\t\t\t\t\t<\/div>\n\n\t\t\t\t\t\t\t<div class=\"premium-blog-content-inner-wrapper\">\n\t\t<p class=\"premium-blog-post-content\">Obave\u0161tavamo javnost da je pet organizacija civilnog dru\u0161tva aktivnih u srpskim sredinama na severu Kosova \u2026<\/p>\t\t<\/div>\n\t\t\t\t\t\t\t\n\t\t\t\t<\/div>\n\t\t\t<\/div>\n\t\t<\/div>\n\n\t\t\t\t<div class=\"premium-blog-post-outer-container\" data-total=\"8\">\n\t\t\t<div class=\"premium-blog-post-container premium-blog-skin-classic\">\n\t\t\t\t\t\t\t\t\t<div class=\"premium-blog-thumb-effect-wrapper\">\n\t\t\t\t\t\t<div class=\"premium-blog-thumbnail-container premium-blog-zoomin-effect\">\n\t\t\t\t\t\t\t<img decoding=\"async\" width=\"1080\" height=\"1350\" src=\"https:\/\/stg.newsocialinitiative.org\/wp-content\/uploads\/2026\/07\/1.png\" class=\"attachment-full size-full wp-image-37111\" alt=\"\" srcset=\"https:\/\/stg.newsocialinitiative.org\/wp-content\/uploads\/2026\/07\/1.png 1080w, https:\/\/stg.newsocialinitiative.org\/wp-content\/uploads\/2026\/07\/1-240x300.png 240w, https:\/\/stg.newsocialinitiative.org\/wp-content\/uploads\/2026\/07\/1-819x1024.png 819w, https:\/\/stg.newsocialinitiative.org\/wp-content\/uploads\/2026\/07\/1-768x960.png 768w\" sizes=\"(max-width: 1080px) 100vw, 1080px\" \/>\t\t\t\t\t\t<\/div>\n\t\t\t\t\t\t\t\t\t\t\t\t\t<div class=\"premium-blog-thumbnail-overlay\">\n\t\t\t\t\t\t\t\t<a class=\"elementor-icon\" href=\"https:\/\/stg.newsocialinitiative.org\/sr\/statement\/odgovor-na-izjavu-ministarke-paunovic\/\" target=\"_self\">\n\t\t\t\t\t\t\t\t\t<span class=\"elementor-screen-only\">Odgovor na izjavu ministarke Paunovi\u0107<\/span>\n\t\t\t\t\t\t\t\t<\/a>\n\t\t\t\t\t\t\t<\/div>\n\n\t\t\t\t\t\t\t\t\t\t\t\t\t\t\t\t\t\t<\/div>\n\t\t\t\t\t\t\t\t\t\t\t\t<div class=\"premium-blog-content-wrapper \">\n\n\t\t\t\t\t<div class=\"premium-blog-inner-container\">\n\n\t\t\t\t\t\t\t\t\t\t\t\t\t\t<h4 class=\"premium-blog-entry-title\">\n\t\t\t<a href=\"https:\/\/stg.newsocialinitiative.org\/sr\/statement\/odgovor-na-izjavu-ministarke-paunovic\/\" target=\"_self\">\n\t\t\t\tOdgovor na izjavu ministarke Paunovi\u0107\t\t\t<\/a>\n\t\t<\/h4>\n\t\t\t\t<div class=\"premium-blog-entry-meta\">\n\t\t\t\n\t\t\t\t\t\t\t<span class=\"premium-blog-meta-separator\">\u2022<\/span>\n\t\t\t\t<div class=\"premium-blog-post-time premium-blog-meta-data\">\n\t\t\t\t\t<i class=\"fa fa-calendar-alt\" aria-hidden=\"true\"><\/i>\n\t\t\t\t\t<span>15\/07\/2026<\/span>\n\t\t\t\t<\/div>\n\t\t\t\n\t\t\t\n\t\t\t\t\t<\/div>\n\t\t\n\t\t\t\t\t<\/div>\n\n\t\t\t\t\t\t\t<div class=\"premium-blog-content-inner-wrapper\">\n\t\t<p class=\"premium-blog-post-content\">Odgovor na izjavu ministarke Paunovi\u0107 Mi, dolepotpisane nevladine organizacije posve\u0107ene za\u0161titi prava, unapre\u0111enju polo\u017eaja i \u2026<\/p>\t\t<\/div>\n\t\t\t\t\t\t\t\n\t\t\t\t<\/div>\n\t\t\t<\/div>\n\t\t<\/div>\n\n\t\t\t\t<div class=\"premium-blog-post-outer-container\" data-total=\"8\">\n\t\t\t<div class=\"premium-blog-post-container premium-blog-skin-classic\">\n\t\t\t\t\t\t\t\t\t\t\t\t<div class=\"premium-blog-content-wrapper empty-thumb\">\n\n\t\t\t\t\t<div class=\"premium-blog-inner-container\">\n\n\t\t\t\t\t\t\t\t\t\t\t\t\t\t<h4 class=\"premium-blog-entry-title\">\n\t\t\t<a href=\"https:\/\/stg.newsocialinitiative.org\/sr\/statement\/potrebna-pojasnjenja-o-postupanju-kosovske-policije-i-zastiti-imovinskih-prava-u-kampu-rezala\/\" target=\"_self\">\n\t\t\t\tPotrebna poja\u0161njenja o postupanju Kosovske policije i za\u0161titi imovinskih prava u kampu Rezala\t\t\t<\/a>\n\t\t<\/h4>\n\t\t\t\t<div class=\"premium-blog-entry-meta\">\n\t\t\t\n\t\t\t\t\t\t\t<span class=\"premium-blog-meta-separator\">\u2022<\/span>\n\t\t\t\t<div class=\"premium-blog-post-time premium-blog-meta-data\">\n\t\t\t\t\t<i class=\"fa fa-calendar-alt\" aria-hidden=\"true\"><\/i>\n\t\t\t\t\t<span>12\/06\/2026<\/span>\n\t\t\t\t<\/div>\n\t\t\t\n\t\t\t\n\t\t\t\t\t<\/div>\n\t\t\n\t\t\t\t\t<\/div>\n\n\t\t\t\t\t\t\t<div class=\"premium-blog-content-inner-wrapper\">\n\t\t<p class=\"premium-blog-post-content\">Uloga Kosovske policije tokom ulaska predstavnika javnog preduze\u0107a za vodoprivredu \u201eIbar-Lepenac\u201c u kamp Rezala otvara \u2026<\/p>\t\t<\/div>\n\t\t\t\t\t\t\t\n\t\t\t\t<\/div>\n\t\t\t<\/div>\n\t\t<\/div>\n\n\t\t\t\t<div class=\"premium-blog-post-outer-container\" data-total=\"8\">\n\t\t\t<div class=\"premium-blog-post-container premium-blog-skin-classic\">\n\t\t\t\t\t\t\t\t\t<div class=\"premium-blog-thumb-effect-wrapper\">\n\t\t\t\t\t\t<div class=\"premium-blog-thumbnail-container premium-blog-zoomin-effect\">\n\t\t\t\t\t\t\t<img loading=\"lazy\" decoding=\"async\" width=\"800\" height=\"500\" src=\"https:\/\/stg.newsocialinitiative.org\/wp-content\/uploads\/2025\/05\/Statement-regarding-the-campaign-calling-for-the-boycott-of-Serbian-products.png\" class=\"attachment-full size-full wp-image-36177\" alt=\"\" srcset=\"https:\/\/stg.newsocialinitiative.org\/wp-content\/uploads\/2025\/05\/Statement-regarding-the-campaign-calling-for-the-boycott-of-Serbian-products.png 800w, https:\/\/stg.newsocialinitiative.org\/wp-content\/uploads\/2025\/05\/Statement-regarding-the-campaign-calling-for-the-boycott-of-Serbian-products-300x188.png 300w, https:\/\/stg.newsocialinitiative.org\/wp-content\/uploads\/2025\/05\/Statement-regarding-the-campaign-calling-for-the-boycott-of-Serbian-products-768x480.png 768w\" sizes=\"(max-width: 800px) 100vw, 800px\" \/>\t\t\t\t\t\t<\/div>\n\t\t\t\t\t\t\t\t\t\t\t\t\t<div class=\"premium-blog-thumbnail-overlay\">\n\t\t\t\t\t\t\t\t<a class=\"elementor-icon\" href=\"https:\/\/stg.newsocialinitiative.org\/sr\/statement\/postovanje-principa-lokalne-samouprave-kao-preduslov-odrzive-decentralizacije\/\" target=\"_self\">\n\t\t\t\t\t\t\t\t\t<span class=\"elementor-screen-only\">Po\u0161tovanje principa lokalne samouprave kao preduslov odr\u017eive decentralizacije<\/span>\n\t\t\t\t\t\t\t\t<\/a>\n\t\t\t\t\t\t\t<\/div>\n\n\t\t\t\t\t\t\t\t\t\t\t\t\t\t\t\t\t\t<\/div>\n\t\t\t\t\t\t\t\t\t\t\t\t<div class=\"premium-blog-content-wrapper \">\n\n\t\t\t\t\t<div class=\"premium-blog-inner-container\">\n\n\t\t\t\t\t\t\t\t\t\t\t\t\t\t<h4 class=\"premium-blog-entry-title\">\n\t\t\t<a href=\"https:\/\/stg.newsocialinitiative.org\/sr\/statement\/postovanje-principa-lokalne-samouprave-kao-preduslov-odrzive-decentralizacije\/\" target=\"_self\">\n\t\t\t\tPo\u0161tovanje principa lokalne samouprave kao preduslov odr\u017eive decentralizacije\t\t\t<\/a>\n\t\t<\/h4>\n\t\t\t\t<div class=\"premium-blog-entry-meta\">\n\t\t\t\n\t\t\t\t\t\t\t<span class=\"premium-blog-meta-separator\">\u2022<\/span>\n\t\t\t\t<div class=\"premium-blog-post-time premium-blog-meta-data\">\n\t\t\t\t\t<i class=\"fa fa-calendar-alt\" aria-hidden=\"true\"><\/i>\n\t\t\t\t\t<span>04\/06\/2026<\/span>\n\t\t\t\t<\/div>\n\t\t\t\n\t\t\t\n\t\t\t\t\t<\/div>\n\t\t\n\t\t\t\t\t<\/div>\n\n\t\t\t\t\t\t\t<div class=\"premium-blog-content-inner-wrapper\">\n\t\t<p class=\"premium-blog-post-content\">Organizacije civilnog dru\u0161tva koje deluju u srpskoj zajednici na Kosovu izra\u017eavaju ozbiljnu zabrinutost zbog sve \u2026<\/p>\t\t<\/div>\n\t\t\t\t\t\t\t\n\t\t\t\t<\/div>\n\t\t\t<\/div>\n\t\t<\/div>\n\n\t\t\t\t<div class=\"premium-blog-post-outer-container\" data-total=\"8\">\n\t\t\t<div class=\"premium-blog-post-container premium-blog-skin-classic\">\n\t\t\t\t\t\t\t\t\t<div class=\"premium-blog-thumb-effect-wrapper\">\n\t\t\t\t\t\t<div class=\"premium-blog-thumbnail-container premium-blog-zoomin-effect\">\n\t\t\t\t\t\t\t<img loading=\"lazy\" decoding=\"async\" width=\"2052\" height=\"1004\" src=\"https:\/\/stg.newsocialinitiative.org\/wp-content\/uploads\/2026\/03\/Asset_282x.png\" class=\"attachment-full size-full wp-image-36995\" alt=\"\" srcset=\"https:\/\/stg.newsocialinitiative.org\/wp-content\/uploads\/2026\/03\/Asset_282x.png 2052w, https:\/\/stg.newsocialinitiative.org\/wp-content\/uploads\/2026\/03\/Asset_282x-300x147.png 300w, https:\/\/stg.newsocialinitiative.org\/wp-content\/uploads\/2026\/03\/Asset_282x-1024x501.png 1024w, https:\/\/stg.newsocialinitiative.org\/wp-content\/uploads\/2026\/03\/Asset_282x-768x376.png 768w, https:\/\/stg.newsocialinitiative.org\/wp-content\/uploads\/2026\/03\/Asset_282x-1536x752.png 1536w\" sizes=\"(max-width: 2052px) 100vw, 2052px\" \/>\t\t\t\t\t\t<\/div>\n\t\t\t\t\t\t\t\t\t\t\t\t\t<div class=\"premium-blog-thumbnail-overlay\">\n\t\t\t\t\t\t\t\t<a class=\"elementor-icon\" href=\"https:\/\/stg.newsocialinitiative.org\/sr\/statement\/saopstenje-organizacija-civilnog-drustva-povodom-22-godisnjice-martovskog-nasilja-2004\/\" target=\"_self\">\n\t\t\t\t\t\t\t\t\t<span class=\"elementor-screen-only\">Saop\u0161tenje organizacija civilnog dru\u0161tva povodom 22. godi\u0161njice Martovskog nasilja 2004.<\/span>\n\t\t\t\t\t\t\t\t<\/a>\n\t\t\t\t\t\t\t<\/div>\n\n\t\t\t\t\t\t\t\t\t\t\t\t\t\t\t\t\t\t<\/div>\n\t\t\t\t\t\t\t\t\t\t\t\t<div class=\"premium-blog-content-wrapper \">\n\n\t\t\t\t\t<div class=\"premium-blog-inner-container\">\n\n\t\t\t\t\t\t\t\t\t\t\t\t\t\t<h4 class=\"premium-blog-entry-title\">\n\t\t\t<a href=\"https:\/\/stg.newsocialinitiative.org\/sr\/statement\/saopstenje-organizacija-civilnog-drustva-povodom-22-godisnjice-martovskog-nasilja-2004\/\" target=\"_self\">\n\t\t\t\tSaop\u0161tenje organizacija civilnog dru\u0161tva povodom 22. godi\u0161njice Martovskog nasilja 2004.\t\t\t<\/a>\n\t\t<\/h4>\n\t\t\t\t<div class=\"premium-blog-entry-meta\">\n\t\t\t\n\t\t\t\t\t\t\t<span class=\"premium-blog-meta-separator\">\u2022<\/span>\n\t\t\t\t<div class=\"premium-blog-post-time premium-blog-meta-data\">\n\t\t\t\t\t<i class=\"fa fa-calendar-alt\" aria-hidden=\"true\"><\/i>\n\t\t\t\t\t<span>25\/03\/2026<\/span>\n\t\t\t\t<\/div>\n\t\t\t\n\t\t\t\n\t\t\t\t\t<\/div>\n\t\t\n\t\t\t\t\t<\/div>\n\n\t\t\t\t\t\t\t<div class=\"premium-blog-content-inner-wrapper\">\n\t\t<p class=\"premium-blog-post-content\">Pro\u0161le nedelje obele\u017eena je 22. godi\u0161njica martovskog pogroma 2004. godine na Kosovu, doga\u0111aja koji i \u2026<\/p>\t\t<\/div>\n\t\t\t\t\t\t\t\n\t\t\t\t<\/div>\n\t\t\t<\/div>\n\t\t<\/div>\n\n\t\t\t\t<div class=\"premium-blog-post-outer-container\" data-total=\"8\">\n\t\t\t<div class=\"premium-blog-post-container premium-blog-skin-classic\">\n\t\t\t\t\t\t\t\t\t<div class=\"premium-blog-thumb-effect-wrapper\">\n\t\t\t\t\t\t<div class=\"premium-blog-thumbnail-container premium-blog-zoomin-effect\">\n\t\t\t\t\t\t\t<img loading=\"lazy\" decoding=\"async\" width=\"1080\" height=\"1350\" src=\"https:\/\/stg.newsocialinitiative.org\/wp-content\/uploads\/2025\/12\/1.png\" class=\"attachment-full size-full wp-image-36818\" alt=\"\" srcset=\"https:\/\/stg.newsocialinitiative.org\/wp-content\/uploads\/2025\/12\/1.png 1080w, https:\/\/stg.newsocialinitiative.org\/wp-content\/uploads\/2025\/12\/1-240x300.png 240w, https:\/\/stg.newsocialinitiative.org\/wp-content\/uploads\/2025\/12\/1-819x1024.png 819w, https:\/\/stg.newsocialinitiative.org\/wp-content\/uploads\/2025\/12\/1-768x960.png 768w\" sizes=\"(max-width: 1080px) 100vw, 1080px\" \/>\t\t\t\t\t\t<\/div>\n\t\t\t\t\t\t\t\t\t\t\t\t\t<div class=\"premium-blog-thumbnail-overlay\">\n\t\t\t\t\t\t\t\t<a class=\"elementor-icon\" href=\"https:\/\/stg.newsocialinitiative.org\/sr\/statement\/naucite-albanski-ili-cutite\/\" target=\"_self\">\n\t\t\t\t\t\t\t\t\t<span class=\"elementor-screen-only\">Nau\u010dite albanski ili \u0107utite!<\/span>\n\t\t\t\t\t\t\t\t<\/a>\n\t\t\t\t\t\t\t<\/div>\n\n\t\t\t\t\t\t\t\t\t\t\t\t\t\t\t\t\t\t<\/div>\n\t\t\t\t\t\t\t\t\t\t\t\t<div class=\"premium-blog-content-wrapper \">\n\n\t\t\t\t\t<div class=\"premium-blog-inner-container\">\n\n\t\t\t\t\t\t\t\t\t\t\t\t\t\t<h4 class=\"premium-blog-entry-title\">\n\t\t\t<a href=\"https:\/\/stg.newsocialinitiative.org\/sr\/statement\/naucite-albanski-ili-cutite\/\" target=\"_self\">\n\t\t\t\tNau\u010dite albanski ili \u0107utite!\t\t\t<\/a>\n\t\t<\/h4>\n\t\t\t\t<div class=\"premium-blog-entry-meta\">\n\t\t\t\n\t\t\t\t\t\t\t<span class=\"premium-blog-meta-separator\">\u2022<\/span>\n\t\t\t\t<div class=\"premium-blog-post-time premium-blog-meta-data\">\n\t\t\t\t\t<i class=\"fa fa-calendar-alt\" aria-hidden=\"true\"><\/i>\n\t\t\t\t\t<span>18\/12\/2025<\/span>\n\t\t\t\t<\/div>\n\t\t\t\n\t\t\t\n\t\t\t\t\t<\/div>\n\t\t\n\t\t\t\t\t<\/div>\n\n\t\t\t\t\t\t\t<div class=\"premium-blog-content-inner-wrapper\">\n\t\t<p class=\"premium-blog-post-content\">Nakon ju\u010dera\u0161njeg sve\u010danog otvaranja novog mosta na reci Ibar koji spaja Severnu i Ju\u017enu Mitrovicu, \u2026<\/p>\t\t<\/div>\n\t\t\t\t\t\t\t\n\t\t\t\t<\/div>\n\t\t\t<\/div>\n\t\t<\/div>\n\n\t\t\t\t<div class=\"premium-blog-post-outer-container\" data-total=\"8\">\n\t\t\t<div class=\"premium-blog-post-container premium-blog-skin-classic\">\n\t\t\t\t\t\t\t\t\t<div class=\"premium-blog-thumb-effect-wrapper\">\n\t\t\t\t\t\t<div class=\"premium-blog-thumbnail-container premium-blog-zoomin-effect\">\n\t\t\t\t\t\t\t<img loading=\"lazy\" decoding=\"async\" width=\"1080\" height=\"1350\" src=\"https:\/\/stg.newsocialinitiative.org\/wp-content\/uploads\/2025\/06\/1-1.png\" class=\"attachment-full size-full wp-image-36599\" alt=\"\" srcset=\"https:\/\/stg.newsocialinitiative.org\/wp-content\/uploads\/2025\/06\/1-1.png 1080w, https:\/\/stg.newsocialinitiative.org\/wp-content\/uploads\/2025\/06\/1-1-240x300.png 240w, https:\/\/stg.newsocialinitiative.org\/wp-content\/uploads\/2025\/06\/1-1-819x1024.png 819w, https:\/\/stg.newsocialinitiative.org\/wp-content\/uploads\/2025\/06\/1-1-768x960.png 768w\" sizes=\"(max-width: 1080px) 100vw, 1080px\" \/>\t\t\t\t\t\t<\/div>\n\t\t\t\t\t\t\t\t\t\t\t\t\t<div class=\"premium-blog-thumbnail-overlay\">\n\t\t\t\t\t\t\t\t<a class=\"elementor-icon\" href=\"https:\/\/stg.newsocialinitiative.org\/sr\/statement\/%d0%b8%d0%bd%d0%b8%d1%86%d0%b8%d1%98%d0%b0%d1%82%d0%b8%d0%b2%d0%b0-%d0%b7%d0%b0-%d0%bf%d0%be%d0%b4%d0%bd%d0%be%d1%88%d0%b5%d1%9a%d0%b5-%d0%b7%d0%b0%d1%85%d1%82%d0%b5%d0%b2%d0%b0-%d1%83%d1%81%d1%82\/\" target=\"_self\">\n\t\t\t\t\t\t\t\t\t<span class=\"elementor-screen-only\">\u0418\u043d\u0438\u0446\u0438\u0458\u0430\u0442\u0438\u0432\u0430 \u0437\u0430 \u043f\u043e\u0434\u043d\u043e\u0448\u0435\u045a\u0435 \u0437\u0430\u0445\u0442\u0435\u0432\u0430 \u0423\u0441\u0442\u0430\u0432\u043d\u043e\u043c \u0441\u0443\u0434\u0443 \u0437\u0430 \u043e\u0446\u0435\u043d\u0443 \u0437\u0430\u043a\u043e\u043d\u0438\u0442\u043e\u0441\u0442\u0438<\/span>\n\t\t\t\t\t\t\t\t<\/a>\n\t\t\t\t\t\t\t<\/div>\n\n\t\t\t\t\t\t\t\t\t\t\t\t\t\t\t\t\t\t<\/div>\n\t\t\t\t\t\t\t\t\t\t\t\t<div class=\"premium-blog-content-wrapper \">\n\n\t\t\t\t\t<div class=\"premium-blog-inner-container\">\n\n\t\t\t\t\t\t\t\t\t\t\t\t\t\t<h4 class=\"premium-blog-entry-title\">\n\t\t\t<a href=\"https:\/\/stg.newsocialinitiative.org\/sr\/statement\/%d0%b8%d0%bd%d0%b8%d1%86%d0%b8%d1%98%d0%b0%d1%82%d0%b8%d0%b2%d0%b0-%d0%b7%d0%b0-%d0%bf%d0%be%d0%b4%d0%bd%d0%be%d1%88%d0%b5%d1%9a%d0%b5-%d0%b7%d0%b0%d1%85%d1%82%d0%b5%d0%b2%d0%b0-%d1%83%d1%81%d1%82\/\" target=\"_self\">\n\t\t\t\t\u0418\u043d\u0438\u0446\u0438\u0458\u0430\u0442\u0438\u0432\u0430 \u0437\u0430 \u043f\u043e\u0434\u043d\u043e\u0448\u0435\u045a\u0435 \u0437\u0430\u0445\u0442\u0435\u0432\u0430 \u0423\u0441\u0442\u0430\u0432\u043d\u043e\u043c \u0441\u0443\u0434\u0443 \u0437\u0430 \u043e\u0446\u0435\u043d\u0443 \u0437\u0430\u043a\u043e\u043d\u0438\u0442\u043e\u0441\u0442\u0438\t\t\t<\/a>\n\t\t<\/h4>\n\t\t\t\t<div class=\"premium-blog-entry-meta\">\n\t\t\t\n\t\t\t\t\t\t\t<span class=\"premium-blog-meta-separator\">\u2022<\/span>\n\t\t\t\t<div class=\"premium-blog-post-time premium-blog-meta-data\">\n\t\t\t\t\t<i class=\"fa fa-calendar-alt\" aria-hidden=\"true\"><\/i>\n\t\t\t\t\t<span>30\/06\/2025<\/span>\n\t\t\t\t<\/div>\n\t\t\t\n\t\t\t\n\t\t\t\t\t<\/div>\n\t\t\n\t\t\t\t\t<\/div>\n\n\t\t\t\t\t\t\t<div class=\"premium-blog-content-inner-wrapper\">\n\t\t<p class=\"premium-blog-post-content\">\u0418\u043d\u0441\u0442\u0438\u0442\u0443\u0446\u0438\u0458\u0438 \u0417\u0430\u0448\u0442\u0438\u0442\u043d\u0438\u043a\u0430 \u0433\u0440\u0430\u0452\u0430\u043d\u0430 \u043d\u0430 \u041a\u043e\u0441\u043e\u0432\u0443 \u041f\u0440\u0435\u0434\u043c\u0435\u0442:&nbsp;\u0418\u043d\u0438\u0446\u0438\u0458\u0430\u0442\u0438\u0432\u0430 \u0437\u0430 \u043f\u043e\u0434\u043d\u043e\u0448\u0435\u045a\u0435 \u0437\u0430\u0445\u0442\u0435\u0432\u0430 \u0423\u0441\u0442\u0430\u0432\u043d\u043e\u043c \u0441\u0443\u0434\u0443 \u0437\u0430 \u043e\u0446\u0435\u043d\u0443 \u0437\u0430\u043a\u043e\u043d\u0438\u0442\u043e\u0441\u0442\u0438 \u041f\u043e\u0448\u0442\u043e\u0432\u0430\u043d\u0438 \u2026<\/p>\t\t<\/div>\n\t\t\t\t\t\t\t\n\t\t\t\t<\/div>\n\t\t\t<\/div>\n\t\t<\/div>\n\n\t\t\t\t\t\t\t<\/div>\n\n\t\t\t\t\t<div class=\"premium-blog-footer\">\n\t\t\t\t\t\t\t<nav class=\"premium-blog-pagination-container\" role=\"navigation\" aria-label=\"Pagination\">\n\t\t\t\t<span aria-current=\"page\" class=\"page-numbers current\">1<\/span>\n<a class=\"page-numbers\" href=\"https:\/\/stg.newsocialinitiative.org\/sr\/wp-json\/wp\/v2\/pages\/24638\/page\/2\/\">2<\/a>\n<a class=\"page-numbers\" href=\"https:\/\/stg.newsocialinitiative.org\/sr\/wp-json\/wp\/v2\/pages\/24638\/page\/3\/\">3<\/a>\n<span class=\"page-numbers dots\">&hellip;<\/span>\n<a class=\"page-numbers\" href=\"https:\/\/stg.newsocialinitiative.org\/sr\/wp-json\/wp\/v2\/pages\/24638\/page\/8\/\">8<\/a>\n<a class=\"next page-numbers\" href=\"https:\/\/stg.newsocialinitiative.org\/sr\/wp-json\/wp\/v2\/pages\/24638\/page\/2\/\"> \u00bb<\/a>\t\t\t<\/nav>\n\t\t\t\t\t\t<\/div>\n\t\t\n\t\t\n\t\t\t\t\t\t<\/div>\n\t\t\t\t<\/div>\n\t\t\t\t\t<\/div>\n\t\t<\/div>\n\t\t\t\t\t<\/div>\n\t\t<\/section>\n\t\t\t\t<\/div>\n\t\t","protected":false},"excerpt":{"rendered":"<p>SAOP\u0160TENJE \u2022 20\/05\/2022 On May 17, 2022, while the Celebration of ABC was being held in Peja with first-grade children from Kosovo, Albania, Northern Macedonia, and Presevo, in the part of the seats\u2026 Saop\u0161tenje povodom kampanje za bojkot srpskih proizvoda \u2022 22\/03\/2022 Saop\u0161tenje povodom kampanje&#8230;<\/p>\n","protected":false},"author":2,"featured_media":0,"parent":0,"menu_order":0,"comment_status":"closed","ping_status":"closed","template":"","meta":{"_acf_changed":false,"footnotes":"","_links_to":"","_links_to_target":""},"class_list":["post-24638","page","type-page","status-publish","hentry"],"acf":[],"_links":{"self":[{"href":"https:\/\/stg.newsocialinitiative.org\/sr\/wp-json\/wp\/v2\/pages\/24638","targetHints":{"allow":["GET"]}}],"collection":[{"href":"https:\/\/stg.newsocialinitiative.org\/sr\/wp-json\/wp\/v2\/pages"}],"about":[{"href":"https:\/\/stg.newsocialinitiative.org\/sr\/wp-json\/wp\/v2\/types\/page"}],"author":[{"embeddable":true,"href":"https:\/\/stg.newsocialinitiative.org\/sr\/wp-json\/wp\/v2\/users\/2"}],"replies":[{"embeddable":true,"href":"https:\/\/stg.newsocialinitiative.org\/sr\/wp-json\/wp\/v2\/comments?post=24638"}],"version-history":[{"count":0,"href":"https:\/\/stg.newsocialinitiative.org\/sr\/wp-json\/wp\/v2\/pages\/24638\/revisions"}],"wp:attachment":[{"href":"https:\/\/stg.newsocialinitiative.org\/sr\/wp-json\/wp\/v2\/media?parent=24638"}],"curies":[{"name":"wp","href":"https:\/\/api.w.org\/{rel}","templated":true}]}}